{"id":5178,"date":"2021-03-12T18:59:51","date_gmt":"2021-03-12T18:59:51","guid":{"rendered":"https:\/\/www.adic.cat\/?page_id=5178"},"modified":"2021-10-28T14:37:52","modified_gmt":"2021-10-28T14:37:52","slug":"politica-de-privacidad","status":"publish","type":"page","link":"https:\/\/www.dic.social\/es\/politica-de-privacidad\/","title":{"rendered":"Pol\u00edtica de privacidad"},"content":{"rendered":"\t\t<div data-elementor-type=\"wp-page\" data-elementor-id=\"5178\" class=\"elementor elementor-5178 elementor-8163\">\n\t\t\t\t\t\t<div class=\"elementor-inner\">\n\t\t\t\t<div class=\"elementor-section-wrap\">\n\t\t\t\t\t\t\t\t\t<section class=\"elementor-section elementor-top-section elementor-element elementor-element-2c31e49 elementor-section-boxed elementor-section-height-default elementor-section-height-default\" data-id=\"2c31e49\" data-element_type=\"section\">\n\t\t\t\t\t\t<div class=\"elementor-container elementor-column-gap-default\">\n\t\t\t\t\t\t\t<div class=\"elementor-row\">\n\t\t\t\t\t<div class=\"elementor-column elementor-col-100 elementor-top-column elementor-element elementor-element-2a4cf5e\" data-id=\"2a4cf5e\" data-element_type=\"column\">\n\t\t\t<div class=\"elementor-column-wrap\">\n\t\t\t\t\t\t\t<div class=\"elementor-widget-wrap\">\n\t\t\t\t\t\t\t\t<\/div>\n\t\t\t\t\t<\/div>\n\t\t<\/div>\n\t\t\t\t\t\t\t\t<\/div>\n\t\t\t\t\t<\/div>\n\t\t<\/section>\n\t\t\t\t<section class=\"elementor-section elementor-top-section elementor-element elementor-element-565bd93 elementor-section-boxed elementor-section-height-default elementor-section-height-default\" data-id=\"565bd93\" data-element_type=\"section\">\n\t\t\t\t\t\t\t<div class=\"elementor-background-overlay\"><\/div>\n\t\t\t\t\t\t\t<div class=\"elementor-container elementor-column-gap-default\">\n\t\t\t\t\t\t\t<div class=\"elementor-row\">\n\t\t\t\t\t<div class=\"elementor-column elementor-col-100 elementor-top-column elementor-element elementor-element-7d0cab9\" data-id=\"7d0cab9\" data-element_type=\"column\">\n\t\t\t<div class=\"elementor-column-wrap elementor-element-populated\">\n\t\t\t\t\t\t\t<div class=\"elementor-widget-wrap\">\n\t\t\t\t\t\t<div class=\"elementor-element elementor-element-7b4454a elementor-widget elementor-widget-heading\" data-id=\"7b4454a\" data-element_type=\"widget\" data-widget_type=\"heading.default\">\n\t\t\t\t<div class=\"elementor-widget-container\">\n\t\t\t<h2 class=\"elementor-heading-title elementor-size-default\">Propietario<\/h2>\t\t<\/div>\n\t\t\t\t<\/div>\n\t\t\t\t\t\t<\/div>\n\t\t\t\t\t<\/div>\n\t\t<\/div>\n\t\t\t\t\t\t\t\t<\/div>\n\t\t\t\t\t<\/div>\n\t\t<\/section>\n\t\t\t\t<section class=\"elementor-section elementor-top-section elementor-element elementor-element-3e80a67 elementor-section-boxed elementor-section-height-default elementor-section-height-default\" data-id=\"3e80a67\" data-element_type=\"section\">\n\t\t\t\t\t\t<div class=\"elementor-container elementor-column-gap-default\">\n\t\t\t\t\t\t\t<div class=\"elementor-row\">\n\t\t\t\t\t<div class=\"elementor-column elementor-col-100 elementor-top-column elementor-element elementor-element-5750622\" data-id=\"5750622\" data-element_type=\"column\">\n\t\t\t<div class=\"elementor-column-wrap elementor-element-populated\">\n\t\t\t\t\t\t\t<div class=\"elementor-widget-wrap\">\n\t\t\t\t\t\t<div class=\"elementor-element elementor-element-0855bec elementor-widget elementor-widget-text-editor\" data-id=\"0855bec\" data-element_type=\"widget\" data-widget_type=\"text-editor.default\">\n\t\t\t\t<div class=\"elementor-widget-container\">\n\t\t\t\t\t\t\t\t<div class=\"elementor-text-editor elementor-clearfix\">\n\t\t\t\t<p>La direcci\u00f3n de nuestro sitio web es: https:\/\/dic.social<\/p><p>Nuestro correo electr\u00f3nico de contacto es: info@dic.social<\/p><p>Raz\u00f3n social: N\u00faria S\u00e1nchez Palos<br \/>Direcci\u00f3n: Calle Andaluc\u00eda 1 primero segunda, 08710 Santa Margarida de Montbui<br \/>Espa\u00f1a<\/p>\t\t\t\t\t<\/div>\n\t\t\t\t\t\t<\/div>\n\t\t\t\t<\/div>\n\t\t\t\t\t\t<\/div>\n\t\t\t\t\t<\/div>\n\t\t<\/div>\n\t\t\t\t\t\t\t\t<\/div>\n\t\t\t\t\t<\/div>\n\t\t<\/section>\n\t\t\t\t<section class=\"elementor-section elementor-top-section elementor-element elementor-element-d86a371 elementor-section-boxed elementor-section-height-default elementor-section-height-default\" data-id=\"d86a371\" data-element_type=\"section\">\n\t\t\t\t\t\t<div class=\"elementor-container elementor-column-gap-default\">\n\t\t\t\t\t\t\t<div class=\"elementor-row\">\n\t\t\t\t\t<div class=\"elementor-column elementor-col-100 elementor-top-column elementor-element elementor-element-88e3a74\" data-id=\"88e3a74\" data-element_type=\"column\">\n\t\t\t<div class=\"elementor-column-wrap elementor-element-populated\">\n\t\t\t\t\t\t\t<div class=\"elementor-widget-wrap\">\n\t\t\t\t\t\t<div class=\"elementor-element elementor-element-b9b3d5d elementor-widget elementor-widget-heading\" data-id=\"b9b3d5d\" data-element_type=\"widget\" data-widget_type=\"heading.default\">\n\t\t\t\t<div class=\"elementor-widget-container\">\n\t\t\t<h2 class=\"elementor-heading-title elementor-size-default\">Manera y lugar de procesamiento de datos<\/h2>\t\t<\/div>\n\t\t\t\t<\/div>\n\t\t\t\t\t\t<\/div>\n\t\t\t\t\t<\/div>\n\t\t<\/div>\n\t\t\t\t\t\t\t\t<\/div>\n\t\t\t\t\t<\/div>\n\t\t<\/section>\n\t\t\t\t<section class=\"elementor-section elementor-top-section elementor-element elementor-element-aa874e2 elementor-section-boxed elementor-section-height-default elementor-section-height-default\" data-id=\"aa874e2\" data-element_type=\"section\">\n\t\t\t\t\t\t<div class=\"elementor-container elementor-column-gap-default\">\n\t\t\t\t\t\t\t<div class=\"elementor-row\">\n\t\t\t\t\t<div class=\"elementor-column elementor-col-100 elementor-top-column elementor-element elementor-element-c8d2442\" data-id=\"c8d2442\" data-element_type=\"column\">\n\t\t\t<div class=\"elementor-column-wrap elementor-element-populated\">\n\t\t\t\t\t\t\t<div class=\"elementor-widget-wrap\">\n\t\t\t\t\t\t<div class=\"elementor-element elementor-element-51f66e6 elementor-widget elementor-widget-text-editor\" data-id=\"51f66e6\" data-element_type=\"widget\" data-widget_type=\"text-editor.default\">\n\t\t\t\t<div class=\"elementor-widget-container\">\n\t\t\t\t\t\t\t\t<div class=\"elementor-text-editor elementor-clearfix\">\n\t\t\t\t<p><b>M\u00e9todos de procesamiento<\/b><br \/>El Propietario toma las medidas de seguridad adecuadas para evitar el acceso no autorizado, la divulgaci\u00f3n, la modificaci\u00f3n o la destrucci\u00f3n no autorizada de los Datos.<br \/>El tratamiento de los datos se realiza mediante ordenadores y \/ o herramientas inform\u00e1ticas, siguiendo procedimientos organizativos y maneras estrictamente relacionadas con las finalidades indicadas. Adem\u00e1s del Titular, en algunos casos, los Datos pueden ser accesibles a cierto tipo de personas a cargo, involucradas con el funcionamiento de esta Aplicaci\u00f3n (administraci\u00f3n, ventas, marketing, legal, administraci\u00f3n del sistema) o partes externas (como terceros proveedores de servicios t\u00e9cnicos de partes, carteros, proveedores de alojamiento, empresas de T\u00da, agencias de comunicaciones) designados, si es necesario, como Encargados del tratamiento por el Propietario. La lista actualizada de estas partes se puede solicitar al propietario en cualquier momento.<\/p><p><b>Base legal del procesamiento<\/b><br \/>El propietario puede procesar los datos personales relacionados con los usuarios si se aplica uno de los siguientes:<\/p><p>Los usuarios han dado su consentimiento para uno o m\u00e1s prop\u00f3sitos espec\u00edficos. Nota: Seg\u00fan algunas legislaciones, el Propietario puede estar autorizado a procesar Datos personales hasta que el Usuario se oponga a este procesamiento (\u00abexclusi\u00f3n voluntaria\u00bb), sin tener que depender del consentimiento o de cualquier otra de las siguientes bases legales. Aun as\u00ed, esto no se aplica siempre que el procesamiento de datos personales est\u00e9 sujeto a la ley europea de protecci\u00f3n de datos;<br \/>la provisi\u00f3n de Datos es necesaria para la ejecuci\u00f3n de un acuerdo con el Usuario y \/ o para cualquier obligaci\u00f3n precontractual de este;<br \/>el procesamiento es necesario para el cumplimiento de una obligaci\u00f3n legal a la cual est\u00e1 sujeto el Titular;<br \/>el procesamiento est\u00e1 relacionado con una tarea que se lleva a cabo en inter\u00e9s p\u00fablico o en el ejercicio de una autoridad oficial conferida al Propietario;<br \/>el procesamiento es necesario para los fines de los intereses leg\u00edtimos perseguidos por el Propietario o por un tercero.<br \/>En cualquier caso, el Titular estar\u00e1 encantado de ayudar a aclarar la base jur\u00eddica espec\u00edfica que se aplica al tratamiento y, en particular, si el suministro de Datos Personales es un requisito legal o contractual, o un requisito necesario para celebrar un contrato.<\/p><p><b>Lugar<\/b><br \/>Los Datos se procesan en las oficinas operativas del Titular y en cualquier otro lugar donde se encuentren las partes involucradas en el procesamiento.<\/p><p>Dependiendo de la ubicaci\u00f3n del Usuario, las transferencias de datos pueden implicar la transferencia de los Datos del Usuario a un pa\u00eds que no sea el suyo. Para obtener m\u00e1s informaci\u00f3n sobre el lugar de procesamiento de estos Datos transferidos, los Usuarios pueden consultar la secci\u00f3n que contiene detalles sobre el procesamiento de Datos personales.<\/p><p>Los usuarios tambi\u00e9n tienen derecho a conocer la base legal de las transferencias de datos a un pa\u00eds fuera de la Uni\u00f3n Europea\u00a0oa\u00a0cualquier organizaci\u00f3n internacional regida por el derecho internacional p\u00fablico o establecida por dos o m\u00e1s pa\u00edses, como la ONU, y sobre las medidas de seguridad adoptadas. por el Titular para salvaguardar sus Datos.<\/p><p>Si se lleva a cabo esta transferencia, los Usuarios pueden obtener m\u00e1s informaci\u00f3n al consultar las secciones relevantes de este documento o consultar con el Propietario utilizando la informaci\u00f3n proporcionada en la secci\u00f3n de contacto.<\/p><p><b>Tiempo de retenci\u00f3n<\/b><br \/>Los datos personales se procesar\u00e1n y almacenar\u00e1n durante el tiempo que requiera el prop\u00f3sito para el cual se recopilaron.<\/p><p>Por lo tanto:<\/p><p>Los datos personales recopilados para fines relacionados con la ejecuci\u00f3n de un contrato entre el propietario y el usuario se conservar\u00e1n hasta que este contrato se haya cumplido \u00edntegramente.<br \/>Los datos personales recopilados para los fines de los intereses leg\u00edtimos del propietario se conservar\u00e1n durante el tiempo que sea necesario para cumplir estos fines. Los usuarios pueden encontrar informaci\u00f3n espec\u00edfica sobre los intereses leg\u00edtimos perseguidos por el propietario en las secciones relevantes de este documento o poni\u00e9ndose en contacto con el propietario.<br \/>Se puede permitir que el propietario retenga los datos personales durante un periodo m\u00e1s largo siempre que el usuario haya dado su consentimiento para este procesamiento, siempre que este consentimiento no se retire. Adem\u00e1s, el propietario puede estar obligado a retener los datos personales durante un periodo m\u00e1s largo siempre que sea necesario para el cumplimiento de una obligaci\u00f3n legal o por orden de una autoridad.<\/p><p>Una vez que expire el periodo de retenci\u00f3n, se eliminar\u00e1n los datos personales. Por lo tanto, el derecho de acceso, el derecho de supresi\u00f3n, el derecho de rectificaci\u00f3n y el derecho a la portabilidad de los datos no pueden hacerse valer despu\u00e9s de la expiraci\u00f3n del periodo de retenci\u00f3n.<\/p>\t\t\t\t\t<\/div>\n\t\t\t\t\t\t<\/div>\n\t\t\t\t<\/div>\n\t\t\t\t\t\t<\/div>\n\t\t\t\t\t<\/div>\n\t\t<\/div>\n\t\t\t\t\t\t\t\t<\/div>\n\t\t\t\t\t<\/div>\n\t\t<\/section>\n\t\t\t\t<section class=\"elementor-section elementor-top-section elementor-element elementor-element-4d5d0bc elementor-section-boxed elementor-section-height-default elementor-section-height-default\" data-id=\"4d5d0bc\" data-element_type=\"section\">\n\t\t\t\t\t\t<div class=\"elementor-container elementor-column-gap-default\">\n\t\t\t\t\t\t\t<div class=\"elementor-row\">\n\t\t\t\t\t<div class=\"elementor-column elementor-col-100 elementor-top-column elementor-element elementor-element-f5a2ced\" data-id=\"f5a2ced\" data-element_type=\"column\">\n\t\t\t<div class=\"elementor-column-wrap elementor-element-populated\">\n\t\t\t\t\t\t\t<div class=\"elementor-widget-wrap\">\n\t\t\t\t\t\t<div class=\"elementor-element elementor-element-ea58faa elementor-widget elementor-widget-heading\" data-id=\"ea58faa\" data-element_type=\"widget\" data-widget_type=\"heading.default\">\n\t\t\t\t<div class=\"elementor-widget-container\">\n\t\t\t<h2 class=\"elementor-heading-title elementor-size-default\">Los fines del procesamiento<\/h2>\t\t<\/div>\n\t\t\t\t<\/div>\n\t\t\t\t\t\t<\/div>\n\t\t\t\t\t<\/div>\n\t\t<\/div>\n\t\t\t\t\t\t\t\t<\/div>\n\t\t\t\t\t<\/div>\n\t\t<\/section>\n\t\t\t\t<section class=\"elementor-section elementor-top-section elementor-element elementor-element-39ac7dc elementor-section-boxed elementor-section-height-default elementor-section-height-default\" data-id=\"39ac7dc\" data-element_type=\"section\">\n\t\t\t\t\t\t<div class=\"elementor-container elementor-column-gap-default\">\n\t\t\t\t\t\t\t<div class=\"elementor-row\">\n\t\t\t\t\t<div class=\"elementor-column elementor-col-100 elementor-top-column elementor-element elementor-element-582361c\" data-id=\"582361c\" data-element_type=\"column\">\n\t\t\t<div class=\"elementor-column-wrap elementor-element-populated\">\n\t\t\t\t\t\t\t<div class=\"elementor-widget-wrap\">\n\t\t\t\t\t\t<div class=\"elementor-element elementor-element-f707a32 elementor-widget elementor-widget-text-editor\" data-id=\"f707a32\" data-element_type=\"widget\" data-widget_type=\"text-editor.default\">\n\t\t\t\t<div class=\"elementor-widget-container\">\n\t\t\t\t\t\t\t\t<div class=\"elementor-text-editor elementor-clearfix\">\n\t\t\t\t<p>Los Datos que conciernen el Usuario se recopilan para permitir al Titular prestar sus Servicios, as\u00ed como para los siguientes fines: An\u00e1lisis y Visualizaci\u00f3n de contenido de plataformas externas.<br \/><br \/>Los usuarios pueden encontrar m\u00e1s informaci\u00f3n detallada sobre estos prop\u00f3sitos de procesamiento y sobre los Datos personales espec\u00edficos utilizados para cada prop\u00f3sito en las secciones respectivas de este documento.<\/p>\t\t\t\t\t<\/div>\n\t\t\t\t\t\t<\/div>\n\t\t\t\t<\/div>\n\t\t\t\t\t\t<\/div>\n\t\t\t\t\t<\/div>\n\t\t<\/div>\n\t\t\t\t\t\t\t\t<\/div>\n\t\t\t\t\t<\/div>\n\t\t<\/section>\n\t\t\t\t<section class=\"elementor-section elementor-top-section elementor-element elementor-element-fb2045f elementor-section-boxed elementor-section-height-default elementor-section-height-default\" data-id=\"fb2045f\" data-element_type=\"section\">\n\t\t\t\t\t\t<div class=\"elementor-container elementor-column-gap-default\">\n\t\t\t\t\t\t\t<div class=\"elementor-row\">\n\t\t\t\t\t<div class=\"elementor-column elementor-col-100 elementor-top-column elementor-element elementor-element-d2bdd10\" data-id=\"d2bdd10\" data-element_type=\"column\">\n\t\t\t<div class=\"elementor-column-wrap elementor-element-populated\">\n\t\t\t\t\t\t\t<div class=\"elementor-widget-wrap\">\n\t\t\t\t\t\t<div class=\"elementor-element elementor-element-98c57d6 elementor-widget elementor-widget-heading\" data-id=\"98c57d6\" data-element_type=\"widget\" data-widget_type=\"heading.default\">\n\t\t\t\t<div class=\"elementor-widget-container\">\n\t\t\t<h2 class=\"elementor-heading-title elementor-size-default\">Informaci\u00f3n detallada sobre el procesamiento de datos personales<\/h2>\t\t<\/div>\n\t\t\t\t<\/div>\n\t\t\t\t\t\t<\/div>\n\t\t\t\t\t<\/div>\n\t\t<\/div>\n\t\t\t\t\t\t\t\t<\/div>\n\t\t\t\t\t<\/div>\n\t\t<\/section>\n\t\t\t\t<section class=\"elementor-section elementor-top-section elementor-element elementor-element-b5f3bff elementor-section-boxed elementor-section-height-default elementor-section-height-default\" data-id=\"b5f3bff\" data-element_type=\"section\">\n\t\t\t\t\t\t<div class=\"elementor-container elementor-column-gap-default\">\n\t\t\t\t\t\t\t<div class=\"elementor-row\">\n\t\t\t\t\t<div class=\"elementor-column elementor-col-100 elementor-top-column elementor-element elementor-element-428722d\" data-id=\"428722d\" data-element_type=\"column\">\n\t\t\t<div class=\"elementor-column-wrap elementor-element-populated\">\n\t\t\t\t\t\t\t<div class=\"elementor-widget-wrap\">\n\t\t\t\t\t\t<div class=\"elementor-element elementor-element-f39aa00 elementor-widget elementor-widget-text-editor\" data-id=\"f39aa00\" data-element_type=\"widget\" data-widget_type=\"text-editor.default\">\n\t\t\t\t<div class=\"elementor-widget-container\">\n\t\t\t\t\t\t\t\t<div class=\"elementor-text-editor elementor-clearfix\">\n\t\t\t\t<p>Los datos personales se recopilan para los siguientes prop\u00f3sitos y utilizando los siguientes servicios:<\/p><p>1. Ponerse en contacto con el usuario<br \/>2. Formulario de contacto<br \/>Al completar el formulario de contacto con sus Datos, el Usuario autoriza esta Aplicaci\u00f3n a utilizar estos datos para responder a solicitudes de informaci\u00f3n, cotizaciones o cualquier otro tipo de solicitud seg\u00fan el indicado por el encabezado del formulario.<\/p><p>Datos personales recopilados: direcci\u00f3n de correo electr\u00f3nico y nombre.<\/p><p>Google analitico<br \/>Los servicios contenidos en esta secci\u00f3n permiten al Propietario monitorizar y analizar el tr\u00e1fico web y pueden usarse para realizar un seguimiento del comportamiento del Usuario.<\/p><p>Google Analytics (Google Inc.)<br \/>Google Analytics es un servicio de an\u00e1lisis web proporcionado por Google Inc. (\u00abGoogle\u00bb). Google utiliza los Datos recopilados para rastrear y examinar el uso de esta Aplicaci\u00f3n, para preparar informes sobre sus actividades y compartirlos con otros servicios de Google.<br \/>Google puede utilizar los Datos recopilados para contextualizar y personalizar los anuncios de su propia red publicitaria.<\/p><p>Datos personales recopilados: cookies y datos de uso.<\/p><p>Lugar de procesamiento: los Estados Unidos &#8211; Pol\u00edtica de privacidad &#8211; Exclusi\u00f3n voluntaria . Participando del Escudo de privacidad.<\/p><p>Mostrar contenido de plataformas externas<br \/>Este tipo de servicio le permite ver contenido alojado en plataformas externas directamente desde las p\u00e1ginas de esta Aplicaci\u00f3n e interactuar con ellas.<br \/>Este tipo de servicio todav\u00eda puede recopilar datos de tr\u00e1fico web para las p\u00e1ginas donde est\u00e1 instalado el servicio, incluso cuando los Usuarios no lo utilizan.<\/p><p>Widget de video de YouTube (Google Inc.)<br \/>YouTube es un servicio de visualizaci\u00f3n de contenido de video proporcionado por Google Inc. que permite que esta Aplicaci\u00f3n incorpore contenido de este tipo en sus p\u00e1ginas.<\/p><p>Datos personales recopilados: cookies y datos de uso.<\/p><p>Lugar de procesamiento: los Estados Unidos &#8211; Pol\u00edtica de privacidad . Participando del Escudo de privacidad.<\/p>\t\t\t\t\t<\/div>\n\t\t\t\t\t\t<\/div>\n\t\t\t\t<\/div>\n\t\t\t\t\t\t<\/div>\n\t\t\t\t\t<\/div>\n\t\t<\/div>\n\t\t\t\t\t\t\t\t<\/div>\n\t\t\t\t\t<\/div>\n\t\t<\/section>\n\t\t\t\t<section class=\"elementor-section elementor-top-section elementor-element elementor-element-ca346d7 elementor-section-boxed elementor-section-height-default elementor-section-height-default\" data-id=\"ca346d7\" data-element_type=\"section\">\n\t\t\t\t\t\t<div class=\"elementor-container elementor-column-gap-default\">\n\t\t\t\t\t\t\t<div class=\"elementor-row\">\n\t\t\t\t\t<div class=\"elementor-column elementor-col-100 elementor-top-column elementor-element elementor-element-03ee8d9\" data-id=\"03ee8d9\" data-element_type=\"column\">\n\t\t\t<div class=\"elementor-column-wrap elementor-element-populated\">\n\t\t\t\t\t\t\t<div class=\"elementor-widget-wrap\">\n\t\t\t\t\t\t<div class=\"elementor-element elementor-element-03a1679 elementor-widget elementor-widget-heading\" data-id=\"03a1679\" data-element_type=\"widget\" data-widget_type=\"heading.default\">\n\t\t\t\t<div class=\"elementor-widget-container\">\n\t\t\t<h2 class=\"elementor-heading-title elementor-size-default\">Los derechos de los usuarios<\/h2>\t\t<\/div>\n\t\t\t\t<\/div>\n\t\t\t\t\t\t<\/div>\n\t\t\t\t\t<\/div>\n\t\t<\/div>\n\t\t\t\t\t\t\t\t<\/div>\n\t\t\t\t\t<\/div>\n\t\t<\/section>\n\t\t\t\t<section class=\"elementor-section elementor-top-section elementor-element elementor-element-e8b303d elementor-section-boxed elementor-section-height-default elementor-section-height-default\" data-id=\"e8b303d\" data-element_type=\"section\">\n\t\t\t\t\t\t<div class=\"elementor-container elementor-column-gap-default\">\n\t\t\t\t\t\t\t<div class=\"elementor-row\">\n\t\t\t\t\t<div class=\"elementor-column elementor-col-100 elementor-top-column elementor-element elementor-element-d880066\" data-id=\"d880066\" data-element_type=\"column\">\n\t\t\t<div class=\"elementor-column-wrap elementor-element-populated\">\n\t\t\t\t\t\t\t<div class=\"elementor-widget-wrap\">\n\t\t\t\t\t\t<div class=\"elementor-element elementor-element-84c8856 elementor-widget elementor-widget-text-editor\" data-id=\"84c8856\" data-element_type=\"widget\" data-widget_type=\"text-editor.default\">\n\t\t\t\t<div class=\"elementor-widget-container\">\n\t\t\t\t\t\t\t\t<div class=\"elementor-text-editor elementor-clearfix\">\n\t\t\t\t<p>Los usuarios pueden ejercer ciertos derechos respecto a sus Datos procesados \u200b\u200bpor el Titular.<br \/><br \/>En particular, los usuarios tienen derecho a hacer el siguiente:<br \/><br \/>1. Retirar su consentimiento en cualquier momento. Los usuarios tienen derecho a retirar el consentimiento cuando previamente hayan dado su consentimiento para el procesamiento de sus Datos Personales.<br \/>2. Revocar el consentimiento: Revocar cookies<br \/>3. Objetar el procesamiento de sus Datos. Los usuarios tienen derecho a oponerse al procesamiento de sus Datos si el procesamiento se lleva a cabo sobre una base legal diferente al consentimiento. Se proporcionan m\u00e1s detalles en la secci\u00f3n dedicada a continuaci\u00f3n.<br \/>4. Accede a sus datos. Los usuarios tienen derecho a saber si el propietario est\u00e1 procesando los datos, obtener informaci\u00f3n sobre ciertos aspectos del procesamiento y obtener una copia de los datos que se procesan.<br \/>5. Verificar y buscar rectificaci\u00f3n. Los usuarios tienen derecho a verificar la exactitud de sus Datos y solicitar que se actualicen o corrijan.<br \/>6. Restringir el procesamiento de sus Datos. Los usuarios tienen derecho, bajo ciertas circunstancias, a restringir el procesamiento de sus Datos. En este caso, el Titular no procesar\u00e1 sus Datos para jefe otro fin que no sea su almacenamiento.<br \/>7. Hacer que se eliminen o eliminen sus Datos personales. Los usuarios tienen derecho, en determinadas circunstancias, a obtener el borrado de sus datos del propietario.<br \/>8. Recibir sus datos y transferirlos a otro controlador. Los usuarios tienen derecho a recibir sus Datos en un formato estructurado, de uso com\u00fan y legible por m\u00e1quina y, si es t\u00e9cnicamente posible, al hecho que se transmitan a otro responsable del tratamiento sin ning\u00fan obst\u00e1culo. Esta disposici\u00f3n es aplicable siempre que los Datos se procesen por medios automatizados y que el procesamiento se base en el consentimiento del Usuario, en un contrato del cual el Usuario sea parte o en obligaciones precontractuales de este.<br \/>9. Presenta una queja. Los usuarios tienen derecho a presentar una reclamaci\u00f3n ante su autoridad de protecci\u00f3n de datos competente.<br \/><br \/>Como ejercer estos derechos<br \/>Cualquier solicitud para ejercer los derechos de Usuario puede dirigirse al Propietario a trav\u00e9s de los datos de contacto proporcionados en este documento. Estas solicitudes se pueden ejercitar de manera gratuita y ser\u00e1n atendidas por el Titular lo antes posible y siempre en el plazo de un mes.<\/p>\t\t\t\t\t<\/div>\n\t\t\t\t\t\t<\/div>\n\t\t\t\t<\/div>\n\t\t\t\t\t\t<\/div>\n\t\t\t\t\t<\/div>\n\t\t<\/div>\n\t\t\t\t\t\t\t\t<\/div>\n\t\t\t\t\t<\/div>\n\t\t<\/section>\n\t\t\t\t<section class=\"elementor-section elementor-top-section elementor-element elementor-element-ff338bc elementor-section-boxed elementor-section-height-default elementor-section-height-default\" data-id=\"ff338bc\" data-element_type=\"section\">\n\t\t\t\t\t\t<div class=\"elementor-container elementor-column-gap-default\">\n\t\t\t\t\t\t\t<div class=\"elementor-row\">\n\t\t\t\t\t<div class=\"elementor-column elementor-col-100 elementor-top-column elementor-element elementor-element-e76d55d\" data-id=\"e76d55d\" data-element_type=\"column\">\n\t\t\t<div class=\"elementor-column-wrap elementor-element-populated\">\n\t\t\t\t\t\t\t<div class=\"elementor-widget-wrap\">\n\t\t\t\t\t\t<div class=\"elementor-element elementor-element-b5233d5 elementor-widget elementor-widget-heading\" data-id=\"b5233d5\" data-element_type=\"widget\" data-widget_type=\"heading.default\">\n\t\t\t\t<div class=\"elementor-widget-container\">\n\t\t\t<h2 class=\"elementor-heading-title elementor-size-default\">Definiciones y referencias legales<\/h2>\t\t<\/div>\n\t\t\t\t<\/div>\n\t\t\t\t\t\t<\/div>\n\t\t\t\t\t<\/div>\n\t\t<\/div>\n\t\t\t\t\t\t\t\t<\/div>\n\t\t\t\t\t<\/div>\n\t\t<\/section>\n\t\t\t\t<section class=\"elementor-section elementor-top-section elementor-element elementor-element-a9bb89f elementor-section-boxed elementor-section-height-default elementor-section-height-default\" data-id=\"a9bb89f\" data-element_type=\"section\">\n\t\t\t\t\t\t<div class=\"elementor-container elementor-column-gap-default\">\n\t\t\t\t\t\t\t<div class=\"elementor-row\">\n\t\t\t\t\t<div class=\"elementor-column elementor-col-100 elementor-top-column elementor-element elementor-element-13235e1\" data-id=\"13235e1\" data-element_type=\"column\">\n\t\t\t<div class=\"elementor-column-wrap elementor-element-populated\">\n\t\t\t\t\t\t\t<div class=\"elementor-widget-wrap\">\n\t\t\t\t\t\t<div class=\"elementor-element elementor-element-5db2e5c elementor-widget elementor-widget-text-editor\" data-id=\"5db2e5c\" data-element_type=\"widget\" data-widget_type=\"text-editor.default\">\n\t\t\t\t<div class=\"elementor-widget-container\">\n\t\t\t\t\t\t\t\t<div class=\"elementor-text-editor elementor-clearfix\">\n\t\t\t\t<p><b>Datos personales (o datos)<\/b><br \/>Cualquier informaci\u00f3n que directa, indirectamente o en conexi\u00f3n con otra informaci\u00f3n, incluido un n\u00famero de identificaci\u00f3n personal, permita la identificaci\u00f3n o\u00a0identificabilidad\u00a0de una persona f\u00edsica.<\/p><p><b>Datos de uso<\/b><br \/>Informaci\u00f3n recopilada autom\u00e1ticamente a trav\u00e9s de esta Aplicaci\u00f3n (o servicios de terceros empleados en esta Aplicaci\u00f3n), que puede incluir: las direcciones IP o los nombres de dominio de las computadoras utilizadas por los Usuarios que usan esta Aplicaci\u00f3n, las direcciones\u00a0URI\u00a0(Identificador Uniforme de Recursos), la hora de la solicitud, el m\u00e9todo utilizado para enviar la solicitud al servidor, el tama\u00f1o del archivo recibido en respuesta, el c\u00f3digo num\u00e9rico que indica el estado de la respuesta del servidor (resultado exitoso, error, etc.), el pa\u00eds de origen, las caracter\u00edsticas del navegador y el sistema operativo utilizado por el Usuario, los diversos detalles de tiempos por visita (por ejemplo, el tiempo dedicado a cada p\u00e1gina dentro de la Aplicaci\u00f3n) y los detalles sobre la ruta seguida dentro de la Aplicaci\u00f3n con especial referencia a la secuencia de p\u00e1ginas visitadas,y otros par\u00e1metros sobre el sistema operativo del dispositivo y \/ o el en torno a T\u00da del Usuario.<\/p><p><b>Usuario<\/b><br \/>La persona que usa esta Aplicaci\u00f3n y que, salvo que se especifique el contrario, coincide con el Interesado.<\/p><p><b>Sujeto de datos<\/b><br \/>La persona f\u00edsica a la cual se refieren los Datos Personales.<\/p><p><b>Procesador de datos (o supervisor de datos)<\/b><br \/>La persona f\u00edsica o jur\u00eddica, autoridad p\u00fablica, agencia u otro organismo que procesa Datos personales en nombre del Controlador, como se describe en esta pol\u00edtica de privacidad.<\/p><p><b>Controlador de datos (o propietario)<\/b><br \/>La persona f\u00edsica o jur\u00eddica, autoridad p\u00fablica, agencia u otro organismo que, solo o conjuntamente con otros, determine los fines y medios del procesamiento de Datos Personales, incluidas las medidas de seguridad relativas al funcionamiento y uso de esta Aplicaci\u00f3n. El controlador de datos, salvo que se especifique el contrario, es el propietario de esta aplicaci\u00f3n.<\/p><p><b>Esta aplicaci\u00f3n<\/b><br \/>El medio por el cual se recopilan y procesan los datos personales del usuario.<\/p><p><b>Servicio<\/b><br \/>El servicio proporcionado por esta Aplicaci\u00f3n como se describe en los t\u00e9rminos relativos (si est\u00e1n disponibles) y en este lugar \/ aplicaci\u00f3n.<\/p><p><b>Uni\u00f3n Europea (o UE)<\/b><br \/>Salvo que se especifique el contrario, todas las referencias hechas en este documento en la Uni\u00f3n Europea incluyen todos los estados miembros actuales de la Uni\u00f3n Europea y el Espacio Econ\u00f3mico Europeo.<\/p><p><b>Galletas<\/b><br \/>Peque\u00f1os conjuntos de datos almacenados en el dispositivo del usuario.<\/p><p><b>Informaci\u00f3n legal<\/b><br \/>Esta declaraci\u00f3n de privacidad ha sido preparada en base a disposiciones de m\u00faltiples legislaciones, incluido el arte. 13\/14 del Reglamento (UE) 2016\/679 (Reglamento general de protecci\u00f3n de datos).<\/p><p>Esta pol\u00edtica de privacidad se relaciona \u00fanicamente con esta Aplicaci\u00f3n, si no se indica el contrario en este documento.<\/p>\t\t\t\t\t<\/div>\n\t\t\t\t\t\t<\/div>\n\t\t\t\t<\/div>\n\t\t\t\t\t\t<\/div>\n\t\t\t\t\t<\/div>\n\t\t<\/div>\n\t\t\t\t\t\t\t\t<\/div>\n\t\t\t\t\t<\/div>\n\t\t<\/section>\n\t\t\t\t\t\t\t\t\t<\/div>\n\t\t\t<\/div>\n\t\t\t\t\t<\/div>\n\t\t","protected":false},"excerpt":{"rendered":"<p>Propietario La direcci\u00f3n de nuestro sitio web es: https:\/\/dic.social Nuestro correo electr\u00f3nico de contacto es: info@dic.social Raz\u00f3n social: N\u00faria S\u00e1nchez Palos Direcci\u00f3n: Calle Andaluc\u00eda 1 primero segunda, 08710 Santa Margarida de Montbui Espa\u00f1a Manera y lugar de procesamiento de datos M\u00e9todos de procesamiento El Propietario toma las medidas de seguridad adecuadas para evitar el acceso &hellip;<\/p>\n<p class=\"read-more\"> <a class=\"\" href=\"https:\/\/www.dic.social\/es\/politica-de-privacidad\/\"> <span class=\"screen-reader-text\">Pol\u00edtica de privacidad<\/span> Leer m\u00e1s \u00bb<\/a><\/p>\n","protected":false},"author":3,"featured_media":0,"parent":0,"menu_order":0,"comment_status":"closed","ping_status":"closed","template":"","meta":{"inline_featured_image":false},"yoast_head":"<!-- This site is optimized with the Yoast SEO plugin v19.4 - https:\/\/yoast.com\/wordpress\/plugins\/seo\/ -->\n<title>Pol\u00edtica de privacidad - Dic<\/title>\n<meta name=\"robots\" content=\"index, follow, max-snippet:-1, max-image-preview:large, max-video-preview:-1\" \/>\n<link rel=\"canonical\" href=\"https:\/\/www.dic.social\/es\/politica-de-privacidad\/\" \/>\n<meta property=\"og:locale\" content=\"es_ES\" \/>\n<meta property=\"og:type\" content=\"article\" \/>\n<meta property=\"og:title\" content=\"Pol\u00edtica de privacidad - Dic\" \/>\n<meta property=\"og:description\" content=\"Propietario La direcci\u00f3n de nuestro sitio web es: https:\/\/dic.social Nuestro correo electr\u00f3nico de contacto es: info@dic.social Raz\u00f3n social: N\u00faria S\u00e1nchez Palos Direcci\u00f3n: Calle Andaluc\u00eda 1 primero segunda, 08710 Santa Margarida de Montbui Espa\u00f1a Manera y lugar de procesamiento de datos M\u00e9todos de procesamiento El Propietario toma las medidas de seguridad adecuadas para evitar el acceso &hellip; Pol\u00edtica de privacidad Leer m\u00e1s \u00bb\" \/>\n<meta property=\"og:url\" content=\"https:\/\/www.dic.social\/es\/politica-de-privacidad\/\" \/>\n<meta property=\"og:site_name\" content=\"Dic\" \/>\n<meta property=\"article:modified_time\" content=\"2021-10-28T14:37:52+00:00\" \/>\n<meta name=\"twitter:card\" content=\"summary_large_image\" \/>\n<meta name=\"twitter:label1\" content=\"Tiempo de lectura\" \/>\n\t<meta name=\"twitter:data1\" content=\"9 minutos\" \/>\n<script type=\"application\/ld+json\" class=\"yoast-schema-graph\">{\"@context\":\"https:\/\/schema.org\",\"@graph\":[{\"@type\":\"Organization\",\"@id\":\"https:\/\/www.dic.social\/#organization\",\"name\":\"Dic\",\"url\":\"https:\/\/www.dic.social\/\",\"sameAs\":[],\"logo\":{\"@type\":\"ImageObject\",\"inLanguage\":\"es\",\"@id\":\"https:\/\/www.dic.social\/#\/schema\/logo\/image\/\",\"url\":\"https:\/\/www.dic.social\/wp-content\/uploads\/2021\/10\/cropped-cropped-LogoDicRectangulo.png\",\"contentUrl\":\"https:\/\/www.dic.social\/wp-content\/uploads\/2021\/10\/cropped-cropped-LogoDicRectangulo.png\",\"width\":780,\"height\":390,\"caption\":\"Dic\"},\"image\":{\"@id\":\"https:\/\/www.dic.social\/#\/schema\/logo\/image\/\"}},{\"@type\":\"WebSite\",\"@id\":\"https:\/\/www.dic.social\/#website\",\"url\":\"https:\/\/www.dic.social\/\",\"name\":\"Dic\",\"description\":\"Dic Inclusi\u00f3n Social\",\"publisher\":{\"@id\":\"https:\/\/www.dic.social\/#organization\"},\"potentialAction\":[{\"@type\":\"SearchAction\",\"target\":{\"@type\":\"EntryPoint\",\"urlTemplate\":\"https:\/\/www.dic.social\/?s={search_term_string}\"},\"query-input\":\"required name=search_term_string\"}],\"inLanguage\":\"es\"},{\"@type\":\"WebPage\",\"@id\":\"https:\/\/www.dic.social\/es\/politica-de-privacidad\/\",\"url\":\"https:\/\/www.dic.social\/es\/politica-de-privacidad\/\",\"name\":\"Pol\u00edtica de privacidad - Dic\",\"isPartOf\":{\"@id\":\"https:\/\/www.dic.social\/#website\"},\"datePublished\":\"2021-03-12T18:59:51+00:00\",\"dateModified\":\"2021-10-28T14:37:52+00:00\",\"breadcrumb\":{\"@id\":\"https:\/\/www.dic.social\/es\/politica-de-privacidad\/#breadcrumb\"},\"inLanguage\":\"es\",\"potentialAction\":[{\"@type\":\"ReadAction\",\"target\":[\"https:\/\/www.dic.social\/es\/politica-de-privacidad\/\"]}]},{\"@type\":\"BreadcrumbList\",\"@id\":\"https:\/\/www.dic.social\/es\/politica-de-privacidad\/#breadcrumb\",\"itemListElement\":[{\"@type\":\"ListItem\",\"position\":1,\"name\":\"Inici\",\"item\":\"https:\/\/www.dic.social\/\"},{\"@type\":\"ListItem\",\"position\":2,\"name\":\"Pol\u00edtica de privacidad\"}]}]}<\/script>\n<!-- \/ Yoast SEO plugin. -->","yoast_head_json":{"title":"Pol\u00edtica de privacidad - Dic","robots":{"index":"index","follow":"follow","max-snippet":"max-snippet:-1","max-image-preview":"max-image-preview:large","max-video-preview":"max-video-preview:-1"},"canonical":"https:\/\/www.dic.social\/es\/politica-de-privacidad\/","og_locale":"es_ES","og_type":"article","og_title":"Pol\u00edtica de privacidad - Dic","og_description":"Propietario La direcci\u00f3n de nuestro sitio web es: https:\/\/dic.social Nuestro correo electr\u00f3nico de contacto es: info@dic.social Raz\u00f3n social: N\u00faria S\u00e1nchez Palos Direcci\u00f3n: Calle Andaluc\u00eda 1 primero segunda, 08710 Santa Margarida de Montbui Espa\u00f1a Manera y lugar de procesamiento de datos M\u00e9todos de procesamiento El Propietario toma las medidas de seguridad adecuadas para evitar el acceso &hellip; Pol\u00edtica de privacidad Leer m\u00e1s \u00bb","og_url":"https:\/\/www.dic.social\/es\/politica-de-privacidad\/","og_site_name":"Dic","article_modified_time":"2021-10-28T14:37:52+00:00","twitter_card":"summary_large_image","twitter_misc":{"Tiempo de lectura":"9 minutos"},"schema":{"@context":"https:\/\/schema.org","@graph":[{"@type":"Organization","@id":"https:\/\/www.dic.social\/#organization","name":"Dic","url":"https:\/\/www.dic.social\/","sameAs":[],"logo":{"@type":"ImageObject","inLanguage":"es","@id":"https:\/\/www.dic.social\/#\/schema\/logo\/image\/","url":"https:\/\/www.dic.social\/wp-content\/uploads\/2021\/10\/cropped-cropped-LogoDicRectangulo.png","contentUrl":"https:\/\/www.dic.social\/wp-content\/uploads\/2021\/10\/cropped-cropped-LogoDicRectangulo.png","width":780,"height":390,"caption":"Dic"},"image":{"@id":"https:\/\/www.dic.social\/#\/schema\/logo\/image\/"}},{"@type":"WebSite","@id":"https:\/\/www.dic.social\/#website","url":"https:\/\/www.dic.social\/","name":"Dic","description":"Dic Inclusi\u00f3n Social","publisher":{"@id":"https:\/\/www.dic.social\/#organization"},"potentialAction":[{"@type":"SearchAction","target":{"@type":"EntryPoint","urlTemplate":"https:\/\/www.dic.social\/?s={search_term_string}"},"query-input":"required name=search_term_string"}],"inLanguage":"es"},{"@type":"WebPage","@id":"https:\/\/www.dic.social\/es\/politica-de-privacidad\/","url":"https:\/\/www.dic.social\/es\/politica-de-privacidad\/","name":"Pol\u00edtica de privacidad - Dic","isPartOf":{"@id":"https:\/\/www.dic.social\/#website"},"datePublished":"2021-03-12T18:59:51+00:00","dateModified":"2021-10-28T14:37:52+00:00","breadcrumb":{"@id":"https:\/\/www.dic.social\/es\/politica-de-privacidad\/#breadcrumb"},"inLanguage":"es","potentialAction":[{"@type":"ReadAction","target":["https:\/\/www.dic.social\/es\/politica-de-privacidad\/"]}]},{"@type":"BreadcrumbList","@id":"https:\/\/www.dic.social\/es\/politica-de-privacidad\/#breadcrumb","itemListElement":[{"@type":"ListItem","position":1,"name":"Inici","item":"https:\/\/www.dic.social\/"},{"@type":"ListItem","position":2,"name":"Pol\u00edtica de privacidad"}]}]}},"_links":{"self":[{"href":"https:\/\/www.dic.social\/es\/wp-json\/wp\/v2\/pages\/5178"}],"collection":[{"href":"https:\/\/www.dic.social\/es\/wp-json\/wp\/v2\/pages"}],"about":[{"href":"https:\/\/www.dic.social\/es\/wp-json\/wp\/v2\/types\/page"}],"author":[{"embeddable":true,"href":"https:\/\/www.dic.social\/es\/wp-json\/wp\/v2\/users\/3"}],"replies":[{"embeddable":true,"href":"https:\/\/www.dic.social\/es\/wp-json\/wp\/v2\/comments?post=5178"}],"version-history":[{"count":12,"href":"https:\/\/www.dic.social\/es\/wp-json\/wp\/v2\/pages\/5178\/revisions"}],"predecessor-version":[{"id":8216,"href":"https:\/\/www.dic.social\/es\/wp-json\/wp\/v2\/pages\/5178\/revisions\/8216"}],"wp:attachment":[{"href":"https:\/\/www.dic.social\/es\/wp-json\/wp\/v2\/media?parent=5178"}],"curies":[{"name":"wp","href":"https:\/\/api.w.org\/{rel}","templated":true}]}}