{"id":3101,"date":"2020-09-04T15:00:58","date_gmt":"2020-09-04T15:00:58","guid":{"rendered":"http:\/\/www.adic.cat\/?page_id=3101"},"modified":"2021-04-28T14:25:49","modified_gmt":"2021-04-28T14:25:49","slug":"mediar","status":"publish","type":"page","link":"https:\/\/www.dic.social\/es\/mediar\/","title":{"rendered":"Mediar"},"content":{"rendered":"\t\t<div data-elementor-type=\"wp-post\" data-elementor-id=\"3101\" class=\"elementor elementor-3101 elementor-1975\">\n\t\t\t\t\t\t<div class=\"elementor-inner\">\n\t\t\t\t<div class=\"elementor-section-wrap\">\n\t\t\t\t\t\t\t\t\t<section class=\"elementor-section elementor-top-section elementor-element elementor-element-def66ef elementor-section-content-middle elementor-section-stretched elementor-section-boxed elementor-section-height-default elementor-section-height-default\" data-id=\"def66ef\" data-element_type=\"section\" data-settings=\"{&quot;background_background&quot;:&quot;slideshow&quot;,&quot;stretch_section&quot;:&quot;section-stretched&quot;,&quot;background_slideshow_gallery&quot;:[{&quot;id&quot;:1365,&quot;url&quot;:&quot;http:\\\/\\\/www.adic.cat\\\/wp-content\\\/uploads\\\/2020\\\/04\\\/IMG_0013-scaled.jpg&quot;}],&quot;background_slideshow_slide_duration&quot;:5000,&quot;background_slideshow_slide_transition&quot;:&quot;fade&quot;,&quot;background_slideshow_transition_duration&quot;:500}\">\n\t\t\t\t\t\t\t<div class=\"elementor-background-overlay\"><\/div>\n\t\t\t\t\t\t\t<div class=\"elementor-container elementor-column-gap-no\">\n\t\t\t\t\t\t\t<div class=\"elementor-row\">\n\t\t\t\t\t<div class=\"elementor-column elementor-col-100 elementor-top-column elementor-element elementor-element-6cb19f2\" data-id=\"6cb19f2\" data-element_type=\"column\">\n\t\t\t<div class=\"elementor-column-wrap elementor-element-populated\">\n\t\t\t\t\t\t\t<div class=\"elementor-widget-wrap\">\n\t\t\t\t\t\t<div class=\"elementor-element elementor-element-51333dd elementor-align-center elementor-widget elementor-widget-button\" data-id=\"51333dd\" data-element_type=\"widget\" data-widget_type=\"button.default\">\n\t\t\t\t<div class=\"elementor-widget-container\">\n\t\t\t\t\t<div class=\"elementor-button-wrapper\">\n\t\t\t<a href=\"#\" class=\"elementor-button-link elementor-button elementor-size-sm elementor-animation-grow\" role=\"button\">\n\t\t\t\t\t\t<span class=\"elementor-button-content-wrapper\">\n\t\t\t\t\t\t<span class=\"elementor-button-text\">mediar<\/span>\n\t\t<\/span>\n\t\t\t\t\t<\/a>\n\t\t<\/div>\n\t\t\t\t<\/div>\n\t\t\t\t<\/div>\n\t\t\t\t<div class=\"elementor-element elementor-element-6e4f0a5 elementor-widget elementor-widget-heading\" data-id=\"6e4f0a5\" data-element_type=\"widget\" data-settings=\"{&quot;_animation&quot;:&quot;none&quot;}\" data-widget_type=\"heading.default\">\n\t\t\t\t<div class=\"elementor-widget-container\">\n\t\t\t<h4 class=\"elementor-heading-title elementor-size-default\">(Dialogar, intercambiar, crecer)<\/h4>\t\t<\/div>\n\t\t\t\t<\/div>\n\t\t\t\t<div class=\"elementor-element elementor-element-d3b58b2 elementor-widget elementor-widget-text-editor\" data-id=\"d3b58b2\" data-element_type=\"widget\" data-widget_type=\"text-editor.default\">\n\t\t\t\t<div class=\"elementor-widget-container\">\n\t\t\t\t\t\t\t\t<div class=\"elementor-text-editor elementor-clearfix\">\n\t\t\t\t<p><strong>Entender la convivencia y los conflictos que pueden surgir,<\/strong> responder de manera adecuada y transformar la dificultad en soluci\u00f3n es nuestra mirada<\/p>\t\t\t\t\t<\/div>\n\t\t\t\t\t\t<\/div>\n\t\t\t\t<\/div>\n\t\t\t\t\t\t<\/div>\n\t\t\t\t\t<\/div>\n\t\t<\/div>\n\t\t\t\t\t\t\t\t<\/div>\n\t\t\t\t\t<\/div>\n\t\t<\/section>\n\t\t\t\t<section class=\"elementor-section elementor-top-section elementor-element elementor-element-7b0dc3a elementor-section-boxed elementor-section-height-default elementor-section-height-default\" data-id=\"7b0dc3a\" data-element_type=\"section\">\n\t\t\t\t\t\t<div class=\"elementor-container elementor-column-gap-default\">\n\t\t\t\t\t\t\t<div class=\"elementor-row\">\n\t\t\t\t\t<div class=\"elementor-column elementor-col-100 elementor-top-column elementor-element elementor-element-8e7b6bc\" data-id=\"8e7b6bc\" data-element_type=\"column\">\n\t\t\t<div class=\"elementor-column-wrap elementor-element-populated\">\n\t\t\t\t\t\t\t<div class=\"elementor-widget-wrap\">\n\t\t\t\t\t\t<div class=\"elementor-element elementor-element-506a56a elementor-widget elementor-widget-spacer\" data-id=\"506a56a\" data-element_type=\"widget\" data-widget_type=\"spacer.default\">\n\t\t\t\t<div class=\"elementor-widget-container\">\n\t\t\t\t\t<div class=\"elementor-spacer\">\n\t\t\t<div class=\"elementor-spacer-inner\"><\/div>\n\t\t<\/div>\n\t\t\t\t<\/div>\n\t\t\t\t<\/div>\n\t\t\t\t<div class=\"elementor-element elementor-element-f40480e elementor-widget elementor-widget-heading\" data-id=\"f40480e\" data-element_type=\"widget\" data-widget_type=\"heading.default\">\n\t\t\t\t<div class=\"elementor-widget-container\">\n\t\t\t<h3 class=\"elementor-heading-title elementor-size-xl\">Mediar<\/h3>\t\t<\/div>\n\t\t\t\t<\/div>\n\t\t\t\t<div class=\"elementor-element elementor-element-bbc2493 elementor-widget-divider--view-line elementor-widget elementor-widget-divider\" data-id=\"bbc2493\" data-element_type=\"widget\" data-widget_type=\"divider.default\">\n\t\t\t\t<div class=\"elementor-widget-container\">\n\t\t\t\t\t<div class=\"elementor-divider\">\n\t\t\t<span class=\"elementor-divider-separator\">\n\t\t\t\t\t\t<\/span>\n\t\t<\/div>\n\t\t\t\t<\/div>\n\t\t\t\t<\/div>\n\t\t\t\t<div class=\"elementor-element elementor-element-280779b elementor-widget elementor-widget-spacer\" data-id=\"280779b\" data-element_type=\"widget\" data-widget_type=\"spacer.default\">\n\t\t\t\t<div class=\"elementor-widget-container\">\n\t\t\t\t\t<div class=\"elementor-spacer\">\n\t\t\t<div class=\"elementor-spacer-inner\"><\/div>\n\t\t<\/div>\n\t\t\t\t<\/div>\n\t\t\t\t<\/div>\n\t\t\t\t\t\t<\/div>\n\t\t\t\t\t<\/div>\n\t\t<\/div>\n\t\t\t\t\t\t\t\t<\/div>\n\t\t\t\t\t<\/div>\n\t\t<\/section>\n\t\t\t\t<section class=\"elementor-section elementor-top-section elementor-element elementor-element-1ee600a elementor-section-boxed elementor-section-height-default elementor-section-height-default\" data-id=\"1ee600a\" data-element_type=\"section\">\n\t\t\t\t\t\t<div class=\"elementor-container elementor-column-gap-default\">\n\t\t\t\t\t\t\t<div class=\"elementor-row\">\n\t\t\t\t\t<div class=\"elementor-column elementor-col-33 elementor-top-column elementor-element elementor-element-d8497af\" data-id=\"d8497af\" data-element_type=\"column\">\n\t\t\t<div class=\"elementor-column-wrap elementor-element-populated\">\n\t\t\t\t\t\t\t<div class=\"elementor-widget-wrap\">\n\t\t\t\t\t\t<div class=\"elementor-element elementor-element-589ef96 elementor-widget elementor-widget-heading\" data-id=\"589ef96\" data-element_type=\"widget\" data-widget_type=\"heading.default\">\n\t\t\t\t<div class=\"elementor-widget-container\">\n\t\t\t<h3 class=\"elementor-heading-title elementor-size-large\">Mediaci\u00f3n en el \u00e1mbito laboral<\/h3>\t\t<\/div>\n\t\t\t\t<\/div>\n\t\t\t\t<div class=\"elementor-element elementor-element-1672bef elementor-widget elementor-widget-text-editor\" data-id=\"1672bef\" data-element_type=\"widget\" data-widget_type=\"text-editor.default\">\n\t\t\t\t<div class=\"elementor-widget-container\">\n\t\t\t\t\t\t\t\t<div class=\"elementor-text-editor elementor-clearfix\">\n\t\t\t\t<p>Establecer<strong> sistemas que faciliten entornos de confianza y seguridad<\/strong> por habla de los discrepancias propias de la convivencia faciliten un clima laboral favorable donde la persona se siente escoltada y cuidada. La afectaci\u00f3n hacia la efectividad, la agilidad y la sostenibilidad de la organizaci\u00f3n es directa<\/p>\t\t\t\t\t<\/div>\n\t\t\t\t\t\t<\/div>\n\t\t\t\t<\/div>\n\t\t\t\t\t\t<\/div>\n\t\t\t\t\t<\/div>\n\t\t<\/div>\n\t\t\t\t<div class=\"elementor-column elementor-col-33 elementor-top-column elementor-element elementor-element-a55189f\" data-id=\"a55189f\" data-element_type=\"column\">\n\t\t\t<div class=\"elementor-column-wrap elementor-element-populated\">\n\t\t\t\t\t\t\t<div class=\"elementor-widget-wrap\">\n\t\t\t\t\t\t<div class=\"elementor-element elementor-element-c588086 elementor-widget elementor-widget-heading\" data-id=\"c588086\" data-element_type=\"widget\" data-widget_type=\"heading.default\">\n\t\t\t\t<div class=\"elementor-widget-container\">\n\t\t\t<h3 class=\"elementor-heading-title elementor-size-large\">Mediaci\u00f3n en el \u00e1mbito p\u00fablico<\/h3>\t\t<\/div>\n\t\t\t\t<\/div>\n\t\t\t\t<div class=\"elementor-element elementor-element-6477ede elementor-widget elementor-widget-text-editor\" data-id=\"6477ede\" data-element_type=\"widget\" data-widget_type=\"text-editor.default\">\n\t\t\t\t<div class=\"elementor-widget-container\">\n\t\t\t\t\t\t\t\t<div class=\"elementor-text-editor elementor-clearfix\">\n\t\t\t\t<p><strong>El espacio p\u00fablico y las administraciones que lo gestionan tienen a la persona como eje.<\/strong> Velar de una convivencia cuidadosa con la diversidad y la ciudadan\u00eda es el camino para vincular esta con el bien com\u00fan<\/p>\t\t\t\t\t<\/div>\n\t\t\t\t\t\t<\/div>\n\t\t\t\t<\/div>\n\t\t\t\t\t\t<\/div>\n\t\t\t\t\t<\/div>\n\t\t<\/div>\n\t\t\t\t<div class=\"elementor-column elementor-col-33 elementor-top-column elementor-element elementor-element-9d1bed1\" data-id=\"9d1bed1\" data-element_type=\"column\">\n\t\t\t<div class=\"elementor-column-wrap elementor-element-populated\">\n\t\t\t\t\t\t\t<div class=\"elementor-widget-wrap\">\n\t\t\t\t\t\t<div class=\"elementor-element elementor-element-31f1a25 elementor-widget elementor-widget-heading\" data-id=\"31f1a25\" data-element_type=\"widget\" data-widget_type=\"heading.default\">\n\t\t\t\t<div class=\"elementor-widget-container\">\n\t\t\t<h3 class=\"elementor-heading-title elementor-size-large\">Mediaci\u00f3n en el \u00e1mbito privado<\/h3>\t\t<\/div>\n\t\t\t\t<\/div>\n\t\t\t\t<div class=\"elementor-element elementor-element-90edc24 elementor-widget elementor-widget-text-editor\" data-id=\"90edc24\" data-element_type=\"widget\" data-widget_type=\"text-editor.default\">\n\t\t\t\t<div class=\"elementor-widget-container\">\n\t\t\t\t\t\t\t\t<div class=\"elementor-text-editor elementor-clearfix\">\n\t\t\t\t<p><strong>El \u00e1mbito privado es all\u00e1 donde la persona se vincula emocionalmente<\/strong>, la gesti\u00f3n adecuada de los conflictos y la cura de la convivencia dotan estos espacios de una buena salud mental<\/p>\t\t\t\t\t<\/div>\n\t\t\t\t\t\t<\/div>\n\t\t\t\t<\/div>\n\t\t\t\t\t\t<\/div>\n\t\t\t\t\t<\/div>\n\t\t<\/div>\n\t\t\t\t\t\t\t\t<\/div>\n\t\t\t\t\t<\/div>\n\t\t<\/section>\n\t\t\t\t<section class=\"elementor-section elementor-top-section elementor-element elementor-element-77efb89 elementor-section-boxed elementor-section-height-default elementor-section-height-default\" data-id=\"77efb89\" data-element_type=\"section\">\n\t\t\t\t\t\t<div class=\"elementor-container elementor-column-gap-default\">\n\t\t\t\t\t\t\t<div class=\"elementor-row\">\n\t\t\t\t\t<div class=\"elementor-column elementor-col-100 elementor-top-column elementor-element elementor-element-bd2f38d\" data-id=\"bd2f38d\" data-element_type=\"column\">\n\t\t\t<div class=\"elementor-column-wrap elementor-element-populated\">\n\t\t\t\t\t\t\t<div class=\"elementor-widget-wrap\">\n\t\t\t\t\t\t<div class=\"elementor-element elementor-element-d6eed43 elementor-widget elementor-widget-spacer\" data-id=\"d6eed43\" data-element_type=\"widget\" data-widget_type=\"spacer.default\">\n\t\t\t\t<div class=\"elementor-widget-container\">\n\t\t\t\t\t<div class=\"elementor-spacer\">\n\t\t\t<div class=\"elementor-spacer-inner\"><\/div>\n\t\t<\/div>\n\t\t\t\t<\/div>\n\t\t\t\t<\/div>\n\t\t\t\t\t\t<\/div>\n\t\t\t\t\t<\/div>\n\t\t<\/div>\n\t\t\t\t\t\t\t\t<\/div>\n\t\t\t\t\t<\/div>\n\t\t<\/section>\n\t\t\t\t<section class=\"elementor-section elementor-top-section elementor-element elementor-element-b54eea6 elementor-section-boxed elementor-section-height-default elementor-section-height-default\" data-id=\"b54eea6\" data-element_type=\"section\">\n\t\t\t\t\t\t<div class=\"elementor-container elementor-column-gap-default\">\n\t\t\t\t\t\t\t<div class=\"elementor-row\">\n\t\t\t\t\t<div class=\"elementor-column elementor-col-25 elementor-top-column elementor-element elementor-element-cfe89bc\" data-id=\"cfe89bc\" data-element_type=\"column\">\n\t\t\t<div class=\"elementor-column-wrap\">\n\t\t\t\t\t\t\t<div class=\"elementor-widget-wrap\">\n\t\t\t\t\t\t\t\t<\/div>\n\t\t\t\t\t<\/div>\n\t\t<\/div>\n\t\t\t\t<div class=\"elementor-column elementor-col-50 elementor-top-column elementor-element elementor-element-d241455\" data-id=\"d241455\" data-element_type=\"column\">\n\t\t\t<div class=\"elementor-column-wrap elementor-element-populated\">\n\t\t\t\t\t\t\t<div class=\"elementor-widget-wrap\">\n\t\t\t\t\t\t<div class=\"elementor-element elementor-element-a3bf8dd elementor-widget elementor-widget-heading\" data-id=\"a3bf8dd\" data-element_type=\"widget\" data-widget_type=\"heading.default\">\n\t\t\t\t<div class=\"elementor-widget-container\">\n\t\t\t<h2 class=\"elementor-heading-title elementor-size-default\">\nRecursos y Servicios de mediaci\u00f3n de la Administraci\u00f3n p\u00fablica<\/h2>\t\t<\/div>\n\t\t\t\t<\/div>\n\t\t\t\t<div class=\"elementor-element elementor-element-1e7c63a elementor-widget elementor-widget-accordion\" data-id=\"1e7c63a\" data-element_type=\"widget\" data-widget_type=\"accordion.default\">\n\t\t\t\t<div class=\"elementor-widget-container\">\n\t\t\t\t\t<div class=\"elementor-accordion\" role=\"tablist\">\n\t\t\t\t\t\t\t<div class=\"elementor-accordion-item\">\n\t\t\t\t\t<div id=\"elementor-tab-title-3191\" class=\"elementor-tab-title\" data-tab=\"1\" role=\"tab\" aria-controls=\"elementor-tab-content-3191\" aria-expanded=\"false\">\n\t\t\t\t\t\t\t\t\t\t\t\t\t<span class=\"elementor-accordion-icon elementor-accordion-icon-left\" aria-hidden=\"true\">\n\t\t\t\t\t\t\t\t\t\t\t\t\t\t\t<span class=\"elementor-accordion-icon-closed\"><i class=\"fas fa-plus\"><\/i><\/span>\n\t\t\t\t\t\t\t\t<span class=\"elementor-accordion-icon-opened\"><i class=\"fas fa-minus\"><\/i><\/span>\n\t\t\t\t\t\t\t\t\t\t\t\t\t\t<\/span>\n\t\t\t\t\t\t\t\t\t\t\t\t<a class=\"elementor-accordion-title\" href=\"\">Programa de mediaci\u00f3n de la Diputaci\u00f3n de Barcelona<\/a>\n\t\t\t\t\t<\/div>\n\t\t\t\t\t<div id=\"elementor-tab-content-3191\" class=\"elementor-tab-content elementor-clearfix\" data-tab=\"1\" role=\"tabpanel\" aria-labelledby=\"elementor-tab-title-3191\"><p><a href=\"https:\/\/www.diba.cat\/es\/web\/convivencia\/programa-de-mediacio-ciutadana\">https:\/\/www.diba.cat\/es\/web\/convivencia\/programa-de-mediacio-ciutadana<\/a><\/p><\/div>\n\t\t\t\t<\/div>\n\t\t\t\t\t\t\t<div class=\"elementor-accordion-item\">\n\t\t\t\t\t<div id=\"elementor-tab-title-3192\" class=\"elementor-tab-title\" data-tab=\"2\" role=\"tab\" aria-controls=\"elementor-tab-content-3192\" aria-expanded=\"false\">\n\t\t\t\t\t\t\t\t\t\t\t\t\t<span class=\"elementor-accordion-icon elementor-accordion-icon-left\" aria-hidden=\"true\">\n\t\t\t\t\t\t\t\t\t\t\t\t\t\t\t<span class=\"elementor-accordion-icon-closed\"><i class=\"fas fa-plus\"><\/i><\/span>\n\t\t\t\t\t\t\t\t<span class=\"elementor-accordion-icon-opened\"><i class=\"fas fa-minus\"><\/i><\/span>\n\t\t\t\t\t\t\t\t\t\t\t\t\t\t<\/span>\n\t\t\t\t\t\t\t\t\t\t\t\t<a class=\"elementor-accordion-title\" href=\"\"> Centro de mediaci\u00f3n de derecho privado de Catalu\u00f1a. Generalitad de Catalu\u00f1a<\/a>\n\t\t\t\t\t<\/div>\n\t\t\t\t\t<div id=\"elementor-tab-content-3192\" class=\"elementor-tab-content elementor-clearfix\" data-tab=\"2\" role=\"tabpanel\" aria-labelledby=\"elementor-tab-title-3192\"><p><a href=\"http:\/\/justicia.gencat.cat\/ca\/ambits\/mediacio\/mediacio_dretprivat\/\">http:\/\/justicia.gencat.cat\/ca\/ambits\/mediacio\/mediacio_dretprivat\/<\/a><\/p><\/div>\n\t\t\t\t<\/div>\n\t\t\t\t\t\t\t\t<\/div>\n\t\t\t\t<\/div>\n\t\t\t\t<\/div>\n\t\t\t\t\t\t<\/div>\n\t\t\t\t\t<\/div>\n\t\t<\/div>\n\t\t\t\t<div class=\"elementor-column elementor-col-25 elementor-top-column elementor-element elementor-element-b10c555\" data-id=\"b10c555\" data-element_type=\"column\">\n\t\t\t<div class=\"elementor-column-wrap\">\n\t\t\t\t\t\t\t<div class=\"elementor-widget-wrap\">\n\t\t\t\t\t\t\t\t<\/div>\n\t\t\t\t\t<\/div>\n\t\t<\/div>\n\t\t\t\t\t\t\t\t<\/div>\n\t\t\t\t\t<\/div>\n\t\t<\/section>\n\t\t\t\t<section class=\"elementor-section elementor-top-section elementor-element elementor-element-33e31e2 elementor-section-boxed elementor-section-height-default elementor-section-height-default\" data-id=\"33e31e2\" data-element_type=\"section\">\n\t\t\t\t\t\t<div class=\"elementor-container elementor-column-gap-default\">\n\t\t\t\t\t\t\t<div class=\"elementor-row\">\n\t\t\t\t\t<div class=\"elementor-column elementor-col-100 elementor-top-column elementor-element elementor-element-ec434f8\" data-id=\"ec434f8\" data-element_type=\"column\">\n\t\t\t<div class=\"elementor-column-wrap elementor-element-populated\">\n\t\t\t\t\t\t\t<div class=\"elementor-widget-wrap\">\n\t\t\t\t\t\t<div class=\"elementor-element elementor-element-8a80a4a elementor-widget elementor-widget-spacer\" data-id=\"8a80a4a\" data-element_type=\"widget\" data-widget_type=\"spacer.default\">\n\t\t\t\t<div class=\"elementor-widget-container\">\n\t\t\t\t\t<div class=\"elementor-spacer\">\n\t\t\t<div class=\"elementor-spacer-inner\"><\/div>\n\t\t<\/div>\n\t\t\t\t<\/div>\n\t\t\t\t<\/div>\n\t\t\t\t\t\t<\/div>\n\t\t\t\t\t<\/div>\n\t\t<\/div>\n\t\t\t\t\t\t\t\t<\/div>\n\t\t\t\t\t<\/div>\n\t\t<\/section>\n\t\t\t\t<section class=\"elementor-section elementor-top-section elementor-element elementor-element-65b69fc elementor-section-height-min-height elementor-section-content-middle elementor-section-boxed elementor-section-height-default elementor-section-items-middle\" data-id=\"65b69fc\" data-element_type=\"section\" data-settings=\"{&quot;background_background&quot;:&quot;classic&quot;}\">\n\t\t\t\t\t\t<div class=\"elementor-container elementor-column-gap-default\">\n\t\t\t\t\t\t\t<div class=\"elementor-row\">\n\t\t\t\t\t<div class=\"elementor-column elementor-col-50 elementor-top-column elementor-element elementor-element-6528268\" data-id=\"6528268\" data-element_type=\"column\">\n\t\t\t<div class=\"elementor-column-wrap elementor-element-populated\">\n\t\t\t\t\t\t\t<div class=\"elementor-widget-wrap\">\n\t\t\t\t\t\t<div class=\"elementor-element elementor-element-4df8e69 elementor-widget elementor-widget-heading\" data-id=\"4df8e69\" data-element_type=\"widget\" data-widget_type=\"heading.default\">\n\t\t\t\t<div class=\"elementor-widget-container\">\n\t\t\t<h3 class=\"elementor-heading-title elementor-size-large\">dialogar, intercambiar, crecer<\/h3>\t\t<\/div>\n\t\t\t\t<\/div>\n\t\t\t\t\t\t<\/div>\n\t\t\t\t\t<\/div>\n\t\t<\/div>\n\t\t\t\t<div class=\"elementor-column elementor-col-50 elementor-top-column elementor-element elementor-element-8edc0d4\" data-id=\"8edc0d4\" data-element_type=\"column\">\n\t\t\t<div class=\"elementor-column-wrap elementor-element-populated\">\n\t\t\t\t\t\t\t<div class=\"elementor-widget-wrap\">\n\t\t\t\t\t\t<div class=\"elementor-element elementor-element-959914a elementor-align-center elementor-widget elementor-widget-button\" data-id=\"959914a\" data-element_type=\"widget\" data-widget_type=\"button.default\">\n\t\t\t\t<div class=\"elementor-widget-container\">\n\t\t\t\t\t<div class=\"elementor-button-wrapper\">\n\t\t\t<a href=\"http:\/\/www.adic.cat\/contact\/\" class=\"elementor-button-link elementor-button elementor-size-sm\" role=\"button\">\n\t\t\t\t\t\t<span class=\"elementor-button-content-wrapper\">\n\t\t\t\t\t\t<span class=\"elementor-button-text\">contacto<\/span>\n\t\t<\/span>\n\t\t\t\t\t<\/a>\n\t\t<\/div>\n\t\t\t\t<\/div>\n\t\t\t\t<\/div>\n\t\t\t\t\t\t<\/div>\n\t\t\t\t\t<\/div>\n\t\t<\/div>\n\t\t\t\t\t\t\t\t<\/div>\n\t\t\t\t\t<\/div>\n\t\t<\/section>\n\t\t\t\t\t\t\t\t\t<\/div>\n\t\t\t<\/div>\n\t\t\t\t\t<\/div>\n\t\t","protected":false},"excerpt":{"rendered":"<p>mediar (Dialogar, intercambiar, crecer) Entender la convivencia y los conflictos que pueden surgir, responder de manera adecuada y transformar la dificultad en soluci\u00f3n es nuestra mirada Mediar Mediaci\u00f3n en el \u00e1mbito laboral Establecer sistemas que faciliten entornos de confianza y seguridad por habla de los discrepancias propias de la convivencia faciliten un clima laboral favorable &hellip;<\/p>\n<p class=\"read-more\"> <a class=\"\" href=\"https:\/\/www.dic.social\/es\/mediar\/\"> <span class=\"screen-reader-text\">Mediar<\/span> Leer m\u00e1s \u00bb<\/a><\/p>\n","protected":false},"author":3,"featured_media":0,"parent":0,"menu_order":0,"comment_status":"closed","ping_status":"closed","template":"page-templates\/fullwidth-content.php","meta":{"inline_featured_image":false},"yoast_head":"<!-- This site is optimized with the Yoast SEO plugin v19.4 - https:\/\/yoast.com\/wordpress\/plugins\/seo\/ -->\n<title>Mediar - Dic<\/title>\n<meta name=\"robots\" content=\"index, follow, max-snippet:-1, max-image-preview:large, max-video-preview:-1\" \/>\n<link rel=\"canonical\" href=\"https:\/\/www.dic.social\/es\/mediar\/\" \/>\n<meta property=\"og:locale\" content=\"es_ES\" \/>\n<meta property=\"og:type\" content=\"article\" \/>\n<meta property=\"og:title\" content=\"Mediar - Dic\" \/>\n<meta property=\"og:description\" content=\"mediar (Dialogar, intercambiar, crecer) Entender la convivencia y los conflictos que pueden surgir, responder de manera adecuada y transformar la dificultad en soluci\u00f3n es nuestra mirada Mediar Mediaci\u00f3n en el \u00e1mbito laboral Establecer sistemas que faciliten entornos de confianza y seguridad por habla de los discrepancias propias de la convivencia faciliten un clima laboral favorable &hellip; Mediar Leer m\u00e1s \u00bb\" \/>\n<meta property=\"og:url\" content=\"https:\/\/www.dic.social\/es\/mediar\/\" \/>\n<meta property=\"og:site_name\" content=\"Dic\" \/>\n<meta property=\"article:modified_time\" content=\"2021-04-28T14:25:49+00:00\" \/>\n<meta name=\"twitter:card\" content=\"summary_large_image\" \/>\n<meta name=\"twitter:label1\" content=\"Tiempo de lectura\" \/>\n\t<meta name=\"twitter:data1\" content=\"1 minuto\" \/>\n<script type=\"application\/ld+json\" class=\"yoast-schema-graph\">{\"@context\":\"https:\/\/schema.org\",\"@graph\":[{\"@type\":\"Organization\",\"@id\":\"https:\/\/www.dic.social\/#organization\",\"name\":\"Dic\",\"url\":\"https:\/\/www.dic.social\/\",\"sameAs\":[],\"logo\":{\"@type\":\"ImageObject\",\"inLanguage\":\"es\",\"@id\":\"https:\/\/www.dic.social\/#\/schema\/logo\/image\/\",\"url\":\"https:\/\/www.dic.social\/wp-content\/uploads\/2021\/10\/cropped-cropped-LogoDicRectangulo.png\",\"contentUrl\":\"https:\/\/www.dic.social\/wp-content\/uploads\/2021\/10\/cropped-cropped-LogoDicRectangulo.png\",\"width\":780,\"height\":390,\"caption\":\"Dic\"},\"image\":{\"@id\":\"https:\/\/www.dic.social\/#\/schema\/logo\/image\/\"}},{\"@type\":\"WebSite\",\"@id\":\"https:\/\/www.dic.social\/#website\",\"url\":\"https:\/\/www.dic.social\/\",\"name\":\"Dic\",\"description\":\"Dic Inclusi\u00f3n Social\",\"publisher\":{\"@id\":\"https:\/\/www.dic.social\/#organization\"},\"potentialAction\":[{\"@type\":\"SearchAction\",\"target\":{\"@type\":\"EntryPoint\",\"urlTemplate\":\"https:\/\/www.dic.social\/?s={search_term_string}\"},\"query-input\":\"required name=search_term_string\"}],\"inLanguage\":\"es\"},{\"@type\":\"WebPage\",\"@id\":\"https:\/\/www.dic.social\/es\/mediar\/\",\"url\":\"https:\/\/www.dic.social\/es\/mediar\/\",\"name\":\"Mediar - Dic\",\"isPartOf\":{\"@id\":\"https:\/\/www.dic.social\/#website\"},\"datePublished\":\"2020-09-04T15:00:58+00:00\",\"dateModified\":\"2021-04-28T14:25:49+00:00\",\"breadcrumb\":{\"@id\":\"https:\/\/www.dic.social\/es\/mediar\/#breadcrumb\"},\"inLanguage\":\"es\",\"potentialAction\":[{\"@type\":\"ReadAction\",\"target\":[\"https:\/\/www.dic.social\/es\/mediar\/\"]}]},{\"@type\":\"BreadcrumbList\",\"@id\":\"https:\/\/www.dic.social\/es\/mediar\/#breadcrumb\",\"itemListElement\":[{\"@type\":\"ListItem\",\"position\":1,\"name\":\"Inici\",\"item\":\"https:\/\/www.dic.social\/\"},{\"@type\":\"ListItem\",\"position\":2,\"name\":\"Mediar\"}]}]}<\/script>\n<!-- \/ Yoast SEO plugin. -->","yoast_head_json":{"title":"Mediar - Dic","robots":{"index":"index","follow":"follow","max-snippet":"max-snippet:-1","max-image-preview":"max-image-preview:large","max-video-preview":"max-video-preview:-1"},"canonical":"https:\/\/www.dic.social\/es\/mediar\/","og_locale":"es_ES","og_type":"article","og_title":"Mediar - Dic","og_description":"mediar (Dialogar, intercambiar, crecer) Entender la convivencia y los conflictos que pueden surgir, responder de manera adecuada y transformar la dificultad en soluci\u00f3n es nuestra mirada Mediar Mediaci\u00f3n en el \u00e1mbito laboral Establecer sistemas que faciliten entornos de confianza y seguridad por habla de los discrepancias propias de la convivencia faciliten un clima laboral favorable &hellip; Mediar Leer m\u00e1s \u00bb","og_url":"https:\/\/www.dic.social\/es\/mediar\/","og_site_name":"Dic","article_modified_time":"2021-04-28T14:25:49+00:00","twitter_card":"summary_large_image","twitter_misc":{"Tiempo de lectura":"1 minuto"},"schema":{"@context":"https:\/\/schema.org","@graph":[{"@type":"Organization","@id":"https:\/\/www.dic.social\/#organization","name":"Dic","url":"https:\/\/www.dic.social\/","sameAs":[],"logo":{"@type":"ImageObject","inLanguage":"es","@id":"https:\/\/www.dic.social\/#\/schema\/logo\/image\/","url":"https:\/\/www.dic.social\/wp-content\/uploads\/2021\/10\/cropped-cropped-LogoDicRectangulo.png","contentUrl":"https:\/\/www.dic.social\/wp-content\/uploads\/2021\/10\/cropped-cropped-LogoDicRectangulo.png","width":780,"height":390,"caption":"Dic"},"image":{"@id":"https:\/\/www.dic.social\/#\/schema\/logo\/image\/"}},{"@type":"WebSite","@id":"https:\/\/www.dic.social\/#website","url":"https:\/\/www.dic.social\/","name":"Dic","description":"Dic Inclusi\u00f3n Social","publisher":{"@id":"https:\/\/www.dic.social\/#organization"},"potentialAction":[{"@type":"SearchAction","target":{"@type":"EntryPoint","urlTemplate":"https:\/\/www.dic.social\/?s={search_term_string}"},"query-input":"required name=search_term_string"}],"inLanguage":"es"},{"@type":"WebPage","@id":"https:\/\/www.dic.social\/es\/mediar\/","url":"https:\/\/www.dic.social\/es\/mediar\/","name":"Mediar - Dic","isPartOf":{"@id":"https:\/\/www.dic.social\/#website"},"datePublished":"2020-09-04T15:00:58+00:00","dateModified":"2021-04-28T14:25:49+00:00","breadcrumb":{"@id":"https:\/\/www.dic.social\/es\/mediar\/#breadcrumb"},"inLanguage":"es","potentialAction":[{"@type":"ReadAction","target":["https:\/\/www.dic.social\/es\/mediar\/"]}]},{"@type":"BreadcrumbList","@id":"https:\/\/www.dic.social\/es\/mediar\/#breadcrumb","itemListElement":[{"@type":"ListItem","position":1,"name":"Inici","item":"https:\/\/www.dic.social\/"},{"@type":"ListItem","position":2,"name":"Mediar"}]}]}},"_links":{"self":[{"href":"https:\/\/www.dic.social\/es\/wp-json\/wp\/v2\/pages\/3101"}],"collection":[{"href":"https:\/\/www.dic.social\/es\/wp-json\/wp\/v2\/pages"}],"about":[{"href":"https:\/\/www.dic.social\/es\/wp-json\/wp\/v2\/types\/page"}],"author":[{"embeddable":true,"href":"https:\/\/www.dic.social\/es\/wp-json\/wp\/v2\/users\/3"}],"replies":[{"embeddable":true,"href":"https:\/\/www.dic.social\/es\/wp-json\/wp\/v2\/comments?post=3101"}],"version-history":[{"count":20,"href":"https:\/\/www.dic.social\/es\/wp-json\/wp\/v2\/pages\/3101\/revisions"}],"predecessor-version":[{"id":5688,"href":"https:\/\/www.dic.social\/es\/wp-json\/wp\/v2\/pages\/3101\/revisions\/5688"}],"wp:attachment":[{"href":"https:\/\/www.dic.social\/es\/wp-json\/wp\/v2\/media?parent=3101"}],"curies":[{"name":"wp","href":"https:\/\/api.w.org\/{rel}","templated":true}]}}